{"id":18,"date":"2017-07-27T10:31:43","date_gmt":"2017-07-27T10:31:43","guid":{"rendered":"https:\/\/toleranciacero.org.es\/web\/?page_id=18"},"modified":"2017-10-17T10:55:18","modified_gmt":"2017-10-17T08:55:18","slug":"contacto","status":"publish","type":"page","link":"https:\/\/toleranciacero.org.es\/web\/contacto\/","title":{"rendered":"Contacto"},"content":{"rendered":"<h4>Tolerancia Cero<\/h4>\n<p>Cerro de la Campana n\u00ba 71,<br \/>\n41927 Mairena del Aljarafe (Sevilla)<\/p>\n<p><img loading=\"lazy\" decoding=\"async\" src=\"https:\/\/toleranciacero.org.es\/web\/wp-content\/uploads\/2017\/10\/mail.png\" alt=\"wt\" width=\"25\" height=\"25\" \/><a href=\"mailto:info@toleranciacero.org.es\"> info@toleranciacero.org.es<\/a><\/p>\n<p><img loading=\"lazy\" decoding=\"async\" src=\"https:\/\/toleranciacero.org.es\/web\/wp-content\/uploads\/2017\/10\/wt.png\" alt=\"wt\" width=\"25\" height=\"25\" \/><a href=\"https:\/\/api.whatsapp.com\/send?phone=+34669642832&amp;text=Hola%2C%20%0AContacto%20desde%20el%20WhatsApp%20de%20su%20web.%20%0AQuisiera%20informaci%C3%B3n%20sobre%3A%0A%0A%20%0A\"> 669 642 832<\/a><br \/>\n&nbsp;<\/p>\n<p><iframe loading=\"lazy\" style=\"border: 0;\" src=\"https:\/\/www.google.com\/maps\/embed?pb=!1m18!1m12!1m3!1d3171.6092450463057!2d-6.042714484325132!3d37.35175867983869!2m3!1f0!2f0!3f0!3m2!1i1024!2i768!4f13.1!3m3!1m2!1s0xd126d1c0bd195fb%3A0xe74f961ff964680a!2sCalle+Cerro+de+la+Campana%2C+71%2C+41927+Mairena+del+Aljarafe%2C+Sevilla!5e0!3m2!1ses!2ses!4v1502188412488\" width=\"600\" height=\"450\" frameborder=\"0\" allowfullscreen=\"allowfullscreen\"><\/iframe><\/p>\n","protected":false},"excerpt":{"rendered":"<p>Tolerancia Cero Cerro de la Campana n\u00ba 71, 41927 Mairena del Aljarafe (Sevilla) info@toleranciacero.org.es 669 642 832 &nbsp;<\/p>\n","protected":false},"author":1,"featured_media":0,"parent":0,"menu_order":0,"comment_status":"closed","ping_status":"closed","template":"","meta":{"jetpack_post_was_ever_published":false,"footnotes":""},"class_list":["post-18","page","type-page","status-publish","hentry"],"jetpack_sharing_enabled":true,"jetpack_shortlink":"https:\/\/wp.me\/P9arT9-i","jetpack-related-posts":[{"id":415,"url":"https:\/\/toleranciacero.org.es\/web\/aviso-legal\/","url_meta":{"origin":18,"position":0},"title":"Aviso Legal","author":"Tolerancia Cero","date":"11\/09\/2017","format":false,"excerpt":"AVISO LEGAL Y POL\u00cdTICA DE PRIVACIDAD De acuerdo con lo dispuesto en el art\u00edculo 10 de la Ley 34\/2002 de Servicios de la Sociedad de la Informaci\u00f3n y de Comercio Electr\u00f3nico, y el Real Decreto-ley 13\/2012 de 30 de marzo (LSSICE), se informa a todos nuestros clientes, usuarios y visitantes\u2026","rel":"","context":"Entrada similar","block_context":{"text":"Entrada similar","link":""},"img":{"alt_text":"","src":"","width":0,"height":0},"classes":[]},{"id":1135,"url":"https:\/\/toleranciacero.org.es\/web\/la-ventana\/","url_meta":{"origin":18,"position":1},"title":"LA VENTANA","author":"Tolerancia cero","date":"19\/01\/2020","format":false,"excerpt":"LA VENTANA es la primera plataforma online en espa\u00f1ol que ofrece formaci\u00f3n, recursos pr\u00e1cticos, acompa\u00f1amiento permanente y apoyo emocional a familias adoptivas, \u00a0acogedoras y colaboradoras as\u00ed como a familias biol\u00f3gicas que quieran mejorar sus habilidades parentales y marentales. \u00bfPor qu\u00e9 LA VENTANA? La ventana es un espacios que nos abre\u2026","rel":"","context":"Entrada similar","block_context":{"text":"Entrada similar","link":""},"img":{"alt_text":"","src":"https:\/\/i0.wp.com\/toleranciacero.org.es\/web\/wp-content\/uploads\/2020\/01\/Captura-de-pantalla-2020-01-19-a-las-08.26.04.png?resize=350%2C200&ssl=1","width":350,"height":200},"classes":[]},{"id":16,"url":"https:\/\/toleranciacero.org.es\/web\/inicio\/","url_meta":{"origin":18,"position":2},"title":"TOLERANCIA CERO","author":"Tolerancia Cero","date":"27\/07\/2017","format":false,"excerpt":"Trabajamos para difundir la necesidad de conseguir Tolerancia Cero al maltrato antes de nacer y Tolerancia Cero a la discriminaci\u00f3n y el maltrato institucional que, a veces, sufren aquellos ni\u00f1os, adolescentes, j\u00f3venes y adultos, que vivieron dichas experiencias traum\u00e1ticas en sus primeros 1.000 d\u00edas de vida. Nuestra misi\u00f3n es conseguir\u2026","rel":"","context":"Entrada similar","block_context":{"text":"Entrada similar","link":""},"img":{"alt_text":"","src":"https:\/\/i0.wp.com\/toleranciacero.org.es\/web\/wp-content\/uploads\/2017\/07\/a1.jpg?resize=350%2C200&ssl=1","width":350,"height":200,"srcset":"https:\/\/i0.wp.com\/toleranciacero.org.es\/web\/wp-content\/uploads\/2017\/07\/a1.jpg?resize=350%2C200&ssl=1 1x, https:\/\/i0.wp.com\/toleranciacero.org.es\/web\/wp-content\/uploads\/2017\/07\/a1.jpg?resize=525%2C300&ssl=1 1.5x, https:\/\/i0.wp.com\/toleranciacero.org.es\/web\/wp-content\/uploads\/2017\/07\/a1.jpg?resize=700%2C400&ssl=1 2x, https:\/\/i0.wp.com\/toleranciacero.org.es\/web\/wp-content\/uploads\/2017\/07\/a1.jpg?resize=1050%2C600&ssl=1 3x, https:\/\/i0.wp.com\/toleranciacero.org.es\/web\/wp-content\/uploads\/2017\/07\/a1.jpg?resize=1400%2C800&ssl=1 4x"},"classes":[]},{"id":1025,"url":"https:\/\/toleranciacero.org.es\/web\/hablando-de-adopcion-con-iratxe-serrano\/","url_meta":{"origin":18,"position":3},"title":"HABLANDO DE ADOPCI\u00d3N CON IRATXE SERRANO","author":"Tolerancia cero","date":"07\/10\/2019","format":false,"excerpt":"\u00a0 Iratxe ha sido Presidenta de la Voz de los Adoptados durante 7 a\u00f1os y recientemente ha sido nombrada Directora General de Protecci\u00f3n a la Infancia y Familia del Gobierno de Canarias. Adoptada a las pocas horas de nacer, hablamos con ella de lo que significa el trauma del abandono,\u2026","rel":"","context":"Entrada similar","block_context":{"text":"Entrada similar","link":""},"img":{"alt_text":"","src":"https:\/\/i0.wp.com\/toleranciacero.org.es\/web\/wp-content\/uploads\/2019\/10\/Captura-de-pantalla-2019-10-07-a-las-11.16.50.png?resize=350%2C200&ssl=1","width":350,"height":200},"classes":[]},{"id":301,"url":"https:\/\/toleranciacero.org.es\/web\/voluntariado\/","url_meta":{"origin":18,"position":4},"title":"Voluntariado","author":"Tolerancia Cero","date":"04\/09\/2017","format":false,"excerpt":"Colabora con alguna de tus habilidades o aficiones. Rellena el siguiente formulario y cu\u00e9ntanos c\u00f3mo te gustar\u00eda colaborar con Tolerancia Cero.","rel":"","context":"Entrada similar","block_context":{"text":"Entrada similar","link":""},"img":{"alt_text":"","src":"https:\/\/i0.wp.com\/toleranciacero.org.es\/web\/wp-content\/uploads\/2017\/09\/489.jpg?resize=350%2C200&ssl=1","width":350,"height":200,"srcset":"https:\/\/i0.wp.com\/toleranciacero.org.es\/web\/wp-content\/uploads\/2017\/09\/489.jpg?resize=350%2C200&ssl=1 1x, https:\/\/i0.wp.com\/toleranciacero.org.es\/web\/wp-content\/uploads\/2017\/09\/489.jpg?resize=525%2C300&ssl=1 1.5x, https:\/\/i0.wp.com\/toleranciacero.org.es\/web\/wp-content\/uploads\/2017\/09\/489.jpg?resize=700%2C400&ssl=1 2x"},"classes":[]},{"id":103,"url":"https:\/\/toleranciacero.org.es\/web\/hazte-socio\/","url_meta":{"origin":18,"position":5},"title":"\u00bfQu\u00e9 puedes hacer t\u00fa?","author":"Tolerancia Cero","date":"08\/08\/2017","format":false,"excerpt":"Tu colaboraci\u00f3n es muy valiosa en la prevenci\u00f3n, diagn\u00f3stico e intervenci\u00f3n en favor de menores, adolescentes y j\u00f3venes afectados por trastornos derivados del consumo de alcohol, drogas o tabaco durante su gestaci\u00f3n, o derivados de experiencias traum\u00e1ticas consecuencias del abandono, la negligencia o los malos tratos. \u00a0 HAZTE \u00a0SOCIO\/A Elige\u2026","rel":"","context":"Entrada similar","block_context":{"text":"Entrada similar","link":""},"img":{"alt_text":"","src":"https:\/\/i0.wp.com\/toleranciacero.org.es\/web\/wp-content\/uploads\/2017\/08\/tolerancia003.jpg?resize=350%2C200&ssl=1","width":350,"height":200,"srcset":"https:\/\/i0.wp.com\/toleranciacero.org.es\/web\/wp-content\/uploads\/2017\/08\/tolerancia003.jpg?resize=350%2C200&ssl=1 1x, https:\/\/i0.wp.com\/toleranciacero.org.es\/web\/wp-content\/uploads\/2017\/08\/tolerancia003.jpg?resize=525%2C300&ssl=1 1.5x, https:\/\/i0.wp.com\/toleranciacero.org.es\/web\/wp-content\/uploads\/2017\/08\/tolerancia003.jpg?resize=700%2C400&ssl=1 2x"},"classes":[]}],"jetpack_likes_enabled":true,"_links":{"self":[{"href":"https:\/\/toleranciacero.org.es\/web\/wp-json\/wp\/v2\/pages\/18","targetHints":{"allow":["GET"]}}],"collection":[{"href":"https:\/\/toleranciacero.org.es\/web\/wp-json\/wp\/v2\/pages"}],"about":[{"href":"https:\/\/toleranciacero.org.es\/web\/wp-json\/wp\/v2\/types\/page"}],"author":[{"embeddable":true,"href":"https:\/\/toleranciacero.org.es\/web\/wp-json\/wp\/v2\/users\/1"}],"replies":[{"embeddable":true,"href":"https:\/\/toleranciacero.org.es\/web\/wp-json\/wp\/v2\/comments?post=18"}],"version-history":[{"count":10,"href":"https:\/\/toleranciacero.org.es\/web\/wp-json\/wp\/v2\/pages\/18\/revisions"}],"predecessor-version":[{"id":499,"href":"https:\/\/toleranciacero.org.es\/web\/wp-json\/wp\/v2\/pages\/18\/revisions\/499"}],"wp:attachment":[{"href":"https:\/\/toleranciacero.org.es\/web\/wp-json\/wp\/v2\/media?parent=18"}],"curies":[{"name":"wp","href":"https:\/\/api.w.org\/{rel}","templated":true}]}}