{"id":398,"date":"2017-09-08T12:11:28","date_gmt":"2017-09-08T10:11:28","guid":{"rendered":"https:\/\/toleranciacero.org.es\/web\/?page_id=398"},"modified":"2017-09-08T12:11:28","modified_gmt":"2017-09-08T10:11:28","slug":"la-resiliencia-y-los-efectos-reparatorios-de-la-adopcion","status":"publish","type":"page","link":"https:\/\/toleranciacero.org.es\/web\/la-resiliencia-y-los-efectos-reparatorios-de-la-adopcion\/","title":{"rendered":"La Resiliencia y los Efectos Reparatorios de la Adopci\u00f3n"},"content":{"rendered":"<p>El t\u00e9rmino <strong>resiliencia<\/strong> se usa en ingenier\u00eda para hacer referencia a la capacidad de un material para adquirir su forma inicial despu\u00e9s de someterse a una presi\u00f3n que lo deforme. Al hablar de la resiliencia del ser humano, nos referimos a la capacidad de resistencia frente al sufrimiento que tiene la persona y al impulso de reparaci\u00f3n .ps\u00edquica que nace de esa resistencia.<\/p>\n<p>En la resiliencia aparecen, pues, dos elementos: por una parte, la resistencia frente a la presi\u00f3n y, por otra, la capacidad de reconstrucci\u00f3n a pesar den haber sufrido esa presi\u00f3n. Se trata de un potencial humano que es capaz de superar las dificultades para convertir el trauma en una oportunidad de crecimiento.<br \/>\nAunque la resiliencia es tan antigua como la misma humanidad, s\u00f3lo recientemente se ha convertido en fuente de investigaci\u00f3n y an\u00e1lisis. No es de extra\u00f1ar que uno de esos primeros estudiosos sea Boris Cyrulnik. Con tan s\u00f3lo 6 a\u00f1os consigui\u00f3 escapar de un campo de concentraci\u00f3n, de donde el resto de su familia, rusos jud\u00edos emigrantes, jam\u00e1s regres\u00f3, pasando su infancia en centros de acogida. Neur\u00f3logo, Psiquiatra y psicoanalista, es uno de los fundadores de la Etolog\u00eda Humana. Seg\u00fan Cyrulnik, una infancia infeliz no determina la vida, aunque estos ni\u00f1os\/as s\u00f3lo pueden tejer una resiliencia si encuentran a unos adultos motivados y formados para este trabajo.<\/p>\n<p>Por eso, la adopci\u00f3n no significa, en s\u00ed misma, el fin de los problemas para aquellos ni\u00f1os y ni\u00f1as que han vivido experiencias traum\u00e1ticas, negligencia emocional o maltratato institucional. Encontrar una familia adoptiva cuando se ha perdido la propia no es m\u00e1s que el comienzo del fin, porque esa herida ha quedado escrita en su historia personal, grabada en su memoria y requiere de un trabajo de elaboraci\u00f3n para su superaci\u00f3n, trabajo en el que la familia adoptiva tiene un papel reparador fundamental.<\/p>\n<p>&nbsp;<\/p>\n<p>Pero, \u00bfpor qu\u00e9 unos ni\u00f1os\/as son capaces de beneficiarse de su nuevo entorno familiar y otros no? Las razones son variadas. Por una parte, la resiliencia s\u00f3lo es posible cuando existe un \u201cc\u00f3mplice significativo\u201d que le permita crear lazos y v\u00ednculos consigo mismo, con los otros y con el entorno.<br \/>\nPara que esto ocurra, en casos de menores muy da\u00f1ados emocionalmente, se necesitan unos padres y unas madres \u201cterap\u00e9uticos\u201d, que tengan tolerancia a la propia ambivalencia o a la existencia de sentimientos negativos, dada la patolog\u00eda del ni\u00f1o\/a, que sepan retardar las gratificaciones de las necesidades parentales, que tengan habilidad para encontrar felicidad en peque\u00f1os incrementos de mejor\u00eda, que tengan flexibilidad de roles, de forma que no tenga que ser siempre la madre la que atienda las necesidades del hijo\/a, sino que el padre tenga habilidad para asumir el rol de cuidador, altern\u00e1ndose ambos, para evitar el agotamiento. Familias que no pierden el sentido del humor y se preocupen del autocuidado personal y de pareja, con tardes o fines de semana solos para mantener las fuerzas f\u00edsicas y la salud mental<\/p>\n<p>Por otra parte, tambi\u00e9n depende del tipo de vinculaci\u00f3n que el ni\u00f1o\/a haya establecido previamente, tanto \u201cin \u00fatero\u201d, como despu\u00e9s del parto, con su madre biol\u00f3gica, y al que posteriormente hubiera podido establecer con alg\u00fan cuidador\/a o figura de apego. Basta encontrar una sola vez a alguien que signifique algo, para que esa llama se pueda avivar posteriormente y pueda disfrutar de los beneficios de la nueva situaci\u00f3n con su familia adoptiva.<br \/>\nPor tanto, el hecho de constatar que ciertos ni\u00f1os\/as son capaces de resistir las experiencias traum\u00e1ticas de su pasado y otros no, no puede explicarse en t\u00e9rminos de la mayor fortaleza o vulnerabilidad de unos o de otros, sino a la presencia o ausencia de unos recursos internos y externos adecuados en uno y otro caso.<br \/>\nAunque muchas personas piensen que la adopci\u00f3n tiene un efecto reparador autom\u00e1tico, y que por s\u00ed misma, con mucho amor y aceptaci\u00f3n, el ni\u00f1o\/a adoptado va a emprender una nueva vida que le har\u00e1 olvidar y borrar las experiencias dif\u00edciles que previamente haya podido experimentar, lo cierto es que se necesitan unas determinadas gu\u00edas de resiliencia.<\/p>\n<p>Por ejemplo, toda p\u00e9rdida necesita su duelo y la p\u00e9rdida de la madre biol\u00f3gica fue real, por lo que necesita su duelo correspondiente. Algunas conductas frecuentes en ni\u00f1os adoptados, como rabietas, ansiedad, hiperactividad, oposici\u00f3n desafiante, etc. pueden estar detr\u00e1s de un duelo no elaborado.<br \/>\nTambi\u00e9n es importante entender que desde el momento que el ni\u00f1o\/a puede recomponer el relato de su sufrimiento a trav\u00e9s de la palabra, el sentimiento que experimenta puede quedar transformado si en la familia hay un ambiente donde siente que puede expresar esos sentimientos de p\u00e9rdida, sin temor a herir a nadie y en una atm\u00f3sfera en la que la expresi\u00f3n de esos sentimientos sirve para vehicular los procesos de vinculaci\u00f3n.<\/p>\n<p>En realidad lo que calma o perturba a los ni\u00f1os\/as es la forma en la que las figuras de su v\u00ednculo afectivo traducen los sentimientos. Cuando en medio de una cat\u00e1strofe los ni\u00f1os est\u00e1n rodeados de adultos ansiosos, los ni\u00f1os muestran m\u00e1s trastornos que cuando est\u00e1n rodeados de adultos serenos. As\u00ed, puede decirse que el mundo cambia a partir del mismo instante en que se habla con naturalidad del hecho adoptivo en el seno mismo de la familia, porque cualquier emoci\u00f3n se alimenta no s\u00f3lo de la sensaci\u00f3n que provoc\u00f3 el impacto recibido, sino tambi\u00e9n de la representaci\u00f3n que se recibe de ese hecho a trav\u00e9s de los dem\u00e1s.<br \/>\nSi para la familia el hecho adoptivo representa un hecho doloroso del que es mejor no hablar, el hijo\/a no podr\u00e1 beneficiarse del gran poder liberador que supone el poner palabra a los sentimientos. Liberaci\u00f3n, adem\u00e1s, que ayuda a vincularse con la persona a la que se est\u00e1n confiando esos sentimientos.<\/p>\n<p>Por tanto, el alcance de la reparaci\u00f3n estar\u00e1 determinado, entre otros factores, por el momento en que el ni\u00f1o\/a fue abandonado y adoptado, las caracter\u00edsticas constitucionales del menor, el ajuste temperamental entre la familia y los menores, los estilos de crianza, los apoyos pre y postadoptivos que se brinden a la familia, elaboraci\u00f3n de la infertilidad de los padres, si fuera el caso, actitud de la familia hacia la adopci\u00f3n, etc. El control oportuno de estas variables, permitir\u00e1 a la familia adoptiva cumplir una funci\u00f3n reparadora de valor inestimable en las vidas de sus hijos e hijas adoptivos.<\/p>\n","protected":false},"excerpt":{"rendered":"<p>El t\u00e9rmino resiliencia se usa en ingenier\u00eda para hacer referencia a la capacidad de un material para adquirir su forma inicial despu\u00e9s de someterse a una presi\u00f3n que lo deforme. Al hablar de la resiliencia del ser humano, nos referimos a la capacidad de resistencia frente al sufrimiento que tiene la persona y al impulso [&hellip;]<\/p>\n","protected":false},"author":1,"featured_media":233,"parent":0,"menu_order":0,"comment_status":"closed","ping_status":"closed","template":"","meta":{"jetpack_post_was_ever_published":false,"footnotes":""},"class_list":["post-398","page","type-page","status-publish","has-post-thumbnail","hentry"],"jetpack_sharing_enabled":true,"jetpack_shortlink":"https:\/\/wp.me\/P9arT9-6q","jetpack-related-posts":[{"id":194,"url":"https:\/\/toleranciacero.org.es\/web\/haz-tu-donativo\/","url_meta":{"origin":398,"position":0},"title":"Haz tu donativo","author":"Tolerancia Cero","date":"23\/08\/2017","format":false,"excerpt":"Tu colaboraci\u00f3n es muy valiosa, colabora con una \u00fanica aportaci\u00f3n para ayudar a ni\u00f1os, adolescentes y j\u00f3venes que han sufrido abandono, negligencia o malos tratos. Un mal inicio en la vida no determina que tengan que vivir una existencia infeliz. Convi\u00e9rtete en un tutor de resiliencia y ay\u00fadales a superar\u2026","rel":"","context":"Entrada similar","block_context":{"text":"Entrada similar","link":""},"img":{"alt_text":"","src":"https:\/\/i0.wp.com\/toleranciacero.org.es\/web\/wp-content\/uploads\/2017\/08\/959.jpg?resize=350%2C200&ssl=1","width":350,"height":200,"srcset":"https:\/\/i0.wp.com\/toleranciacero.org.es\/web\/wp-content\/uploads\/2017\/08\/959.jpg?resize=350%2C200&ssl=1 1x, https:\/\/i0.wp.com\/toleranciacero.org.es\/web\/wp-content\/uploads\/2017\/08\/959.jpg?resize=525%2C300&ssl=1 1.5x, https:\/\/i0.wp.com\/toleranciacero.org.es\/web\/wp-content\/uploads\/2017\/08\/959.jpg?resize=700%2C400&ssl=1 2x"},"classes":[]},{"id":379,"url":"https:\/\/toleranciacero.org.es\/web\/trastornos-de-apego\/","url_meta":{"origin":398,"position":1},"title":"El Trastorno Reactivo de Vinculaci\u00f3n","author":"Tolerancia Cero","date":"08\/09\/2017","format":false,"excerpt":"El primero en desarrollar una teor\u00eda del apego fue John Bowlby . Seg\u00fan esta teor\u00eda, los ni\u00f1os est\u00e1n desde el principio emocionalmente apegados a sus cuidadores, primordialmente la madre, y emocionalmente angustiados cuando son separados de ellos. Seg\u00fan Bowlby, esta conducta est\u00e1 regulada por el sistema nervioso central y est\u00e1\u2026","rel":"","context":"Entrada similar","block_context":{"text":"Entrada similar","link":""},"img":{"alt_text":"","src":"https:\/\/i0.wp.com\/toleranciacero.org.es\/web\/wp-content\/uploads\/2017\/08\/stockvault-child-by-the-road126328.jpg?resize=350%2C200&ssl=1","width":350,"height":200,"srcset":"https:\/\/i0.wp.com\/toleranciacero.org.es\/web\/wp-content\/uploads\/2017\/08\/stockvault-child-by-the-road126328.jpg?resize=350%2C200&ssl=1 1x, https:\/\/i0.wp.com\/toleranciacero.org.es\/web\/wp-content\/uploads\/2017\/08\/stockvault-child-by-the-road126328.jpg?resize=525%2C300&ssl=1 1.5x, https:\/\/i0.wp.com\/toleranciacero.org.es\/web\/wp-content\/uploads\/2017\/08\/stockvault-child-by-the-road126328.jpg?resize=700%2C400&ssl=1 2x"},"classes":[]},{"id":94,"url":"https:\/\/toleranciacero.org.es\/web\/servicios\/","url_meta":{"origin":398,"position":2},"title":"Servicios","author":"Tolerancia Cero","date":"08\/08\/2017","format":false,"excerpt":"GRUPO VIRTUAL DE APOYO EMOCIONAL Las caracter\u00edsticas espec\u00edficas del SAF,TEAF, TA, etc., unido al car\u00e1cter cr\u00f3nico y discapacitante de un elevado porcentaje de los mismos, hace que el apoyo emocional sea fundamental para las familias. Se trata de un espacio de intercambio de experiencias y conocimientos donde las familias pueden\u2026","rel":"","context":"Entrada similar","block_context":{"text":"Entrada similar","link":""},"img":{"alt_text":"","src":"https:\/\/i0.wp.com\/toleranciacero.org.es\/web\/wp-content\/uploads\/2017\/08\/OGOWOR0.jpg?resize=350%2C200&ssl=1","width":350,"height":200,"srcset":"https:\/\/i0.wp.com\/toleranciacero.org.es\/web\/wp-content\/uploads\/2017\/08\/OGOWOR0.jpg?resize=350%2C200&ssl=1 1x, https:\/\/i0.wp.com\/toleranciacero.org.es\/web\/wp-content\/uploads\/2017\/08\/OGOWOR0.jpg?resize=525%2C300&ssl=1 1.5x, https:\/\/i0.wp.com\/toleranciacero.org.es\/web\/wp-content\/uploads\/2017\/08\/OGOWOR0.jpg?resize=700%2C400&ssl=1 2x"},"classes":[]},{"id":376,"url":"https:\/\/toleranciacero.org.es\/web\/nutricion-y-desarrollo-cognitivo\/","url_meta":{"origin":398,"position":3},"title":"NUTRICI\u00d3N Y DESARROLLO COGNITIVO","author":"Tolerancia Cero","date":"08\/09\/2017","format":false,"excerpt":"La gen\u00e9tica, un ambiente estimulante y una nutrici\u00f3n adecuada son factores fundamentales para el desarrollo cognitivo. El efecto de una buena nutrici\u00f3n en el desarrollo del cerebro comienza antes de nacer, con la nutrici\u00f3n de la madre. La desnutrici\u00f3n y los efectos negativos en el cerebro durante el embarazo y\u2026","rel":"","context":"Entrada similar","block_context":{"text":"Entrada similar","link":""},"img":{"alt_text":"","src":"https:\/\/i0.wp.com\/toleranciacero.org.es\/web\/wp-content\/uploads\/2017\/08\/preview16.jpg?resize=350%2C200&ssl=1","width":350,"height":200,"srcset":"https:\/\/i0.wp.com\/toleranciacero.org.es\/web\/wp-content\/uploads\/2017\/08\/preview16.jpg?resize=350%2C200&ssl=1 1x, https:\/\/i0.wp.com\/toleranciacero.org.es\/web\/wp-content\/uploads\/2017\/08\/preview16.jpg?resize=525%2C300&ssl=1 1.5x, https:\/\/i0.wp.com\/toleranciacero.org.es\/web\/wp-content\/uploads\/2017\/08\/preview16.jpg?resize=700%2C400&ssl=1 2x"},"classes":[]},{"id":382,"url":"https:\/\/toleranciacero.org.es\/web\/abandono-negligencia-y-maltrato\/","url_meta":{"origin":398,"position":4},"title":"Abandono, Negligencia y Maltrato","author":"Tolerancia Cero","date":"08\/09\/2017","format":false,"excerpt":"S\u00edndrome de estr\u00e9s postraum\u00e1tico. El abandono y el maltrato infantil genera en los ni\u00f1os lo que se conoce como s\u00edndrome de estr\u00e9s postraum\u00e1tico que conlleva una alteraci\u00f3n neuroendocrina de forma cr\u00f3nica. El estr\u00e9s agudo o traum\u00e1tico genera unos niveles muy elevados de cortisol, que da\u00f1an el sistema neuroendocrino encargado de\u2026","rel":"","context":"Entrada similar","block_context":{"text":"Entrada similar","link":""},"img":{"alt_text":"","src":"https:\/\/i0.wp.com\/toleranciacero.org.es\/web\/wp-content\/uploads\/2017\/08\/269.jpg?resize=350%2C200&ssl=1","width":350,"height":200,"srcset":"https:\/\/i0.wp.com\/toleranciacero.org.es\/web\/wp-content\/uploads\/2017\/08\/269.jpg?resize=350%2C200&ssl=1 1x, https:\/\/i0.wp.com\/toleranciacero.org.es\/web\/wp-content\/uploads\/2017\/08\/269.jpg?resize=525%2C300&ssl=1 1.5x, https:\/\/i0.wp.com\/toleranciacero.org.es\/web\/wp-content\/uploads\/2017\/08\/269.jpg?resize=700%2C400&ssl=1 2x"},"classes":[]},{"id":391,"url":"https:\/\/toleranciacero.org.es\/web\/alcohol\/","url_meta":{"origin":398,"position":5},"title":"ALCOHOL","author":"Tolerancia Cero","date":"08\/09\/2017","format":false,"excerpt":"Las consecuencias del consumo de alcohol durante la gestaci\u00f3n se conocen como S\u00edndrome Alcoh\u00f3lico Fetal (SAF). Es importante conocer los efectos de su consumo en el feto en formaci\u00f3n y su posterior repercusi\u00f3n en el aprendizaje escolar, ya que en algunos de los pa\u00edses de origen de ni\u00f1os\/as adoptados, los\u2026","rel":"","context":"Entrada similar","block_context":{"text":"Entrada similar","link":""},"img":{"alt_text":"","src":"https:\/\/i0.wp.com\/toleranciacero.org.es\/web\/wp-content\/uploads\/2017\/09\/alc.jpg?resize=350%2C200&ssl=1","width":350,"height":200,"srcset":"https:\/\/i0.wp.com\/toleranciacero.org.es\/web\/wp-content\/uploads\/2017\/09\/alc.jpg?resize=350%2C200&ssl=1 1x, https:\/\/i0.wp.com\/toleranciacero.org.es\/web\/wp-content\/uploads\/2017\/09\/alc.jpg?resize=525%2C300&ssl=1 1.5x, https:\/\/i0.wp.com\/toleranciacero.org.es\/web\/wp-content\/uploads\/2017\/09\/alc.jpg?resize=700%2C400&ssl=1 2x"},"classes":[]}],"jetpack_likes_enabled":true,"_links":{"self":[{"href":"https:\/\/toleranciacero.org.es\/web\/wp-json\/wp\/v2\/pages\/398","targetHints":{"allow":["GET"]}}],"collection":[{"href":"https:\/\/toleranciacero.org.es\/web\/wp-json\/wp\/v2\/pages"}],"about":[{"href":"https:\/\/toleranciacero.org.es\/web\/wp-json\/wp\/v2\/types\/page"}],"author":[{"embeddable":true,"href":"https:\/\/toleranciacero.org.es\/web\/wp-json\/wp\/v2\/users\/1"}],"replies":[{"embeddable":true,"href":"https:\/\/toleranciacero.org.es\/web\/wp-json\/wp\/v2\/comments?post=398"}],"version-history":[{"count":1,"href":"https:\/\/toleranciacero.org.es\/web\/wp-json\/wp\/v2\/pages\/398\/revisions"}],"predecessor-version":[{"id":399,"href":"https:\/\/toleranciacero.org.es\/web\/wp-json\/wp\/v2\/pages\/398\/revisions\/399"}],"wp:featuredmedia":[{"embeddable":true,"href":"https:\/\/toleranciacero.org.es\/web\/wp-json\/wp\/v2\/media\/233"}],"wp:attachment":[{"href":"https:\/\/toleranciacero.org.es\/web\/wp-json\/wp\/v2\/media?parent=398"}],"curies":[{"name":"wp","href":"https:\/\/api.w.org\/{rel}","templated":true}]}}